{"id":105,"date":"2018-11-21T11:42:40","date_gmt":"2018-11-21T11:42:40","guid":{"rendered":"http:\/\/192.168.69.8\/amadeoolmos\/bio\/"},"modified":"2018-12-20T10:32:08","modified_gmt":"2018-12-20T10:32:08","slug":"bio","status":"publish","type":"page","link":"https:\/\/www.amadeoolmos.com\/en\/bio\/","title":{"rendered":"BIO"},"content":{"rendered":"<div class=\"fusion-fullwidth fullwidth-box fusion-builder-row-1 nonhundred-percent-fullwidth non-hundred-percent-height-scrolling\" style=\"--awb-border-radius-top-left:0px;--awb-border-radius-top-right:0px;--awb-border-radius-bottom-right:0px;--awb-border-radius-bottom-left:0px;--awb-flex-wrap:wrap;\" ><div class=\"fusion-builder-row fusion-row\"><div class=\"fusion-layout-column fusion_builder_column fusion-builder-column-0 fusion_builder_column_2_3 2_3 fusion-two-third fusion-column-first\" style=\"--awb-bg-size:cover;width:66.666666666667%;width:calc(66.666666666667% - ( ( 4% ) * 0.66666666666667 ) );margin-right: 4%;\"><div class=\"fusion-column-wrapper fusion-flex-column-wrapper-legacy\"><div class=\"fusion-title title fusion-title-1 fusion-sep-none fusion-title-text fusion-title-size-one\" style=\"--awb-text-color:#000000;--awb-margin-top-small:10px;--awb-margin-right-small:0px;--awb-margin-bottom-small:10px;--awb-margin-left-small:0px;\"><h1 class=\"fusion-title-heading title-heading-left\" style=\"margin:0;\">DECLARACI\u00d3N DE ARTISTA<\/h1><\/div><div class=\"fusion-text fusion-text-1\"><p>Hago dibujos, pinturas y fotograf\u00edas.<\/p>\n<p>Me interesa c\u00f3mo interact\u00faan distintas realidades, significados que se enfrentan para crear mensajes ambiguos. Utilizo el entorno y las experiencias cotidianas como punto de partida.<\/p>\n<p>En nuestro tiempo cada vez est\u00e1 todo m\u00e1s mezclado. Intento rescatar im\u00e1genes que pasar\u00edan desapercibidas en su contexto original para que formen parte de una realidad ficticia que pueda despertar la imaginaci\u00f3n. No me preocupa tanto lo que pinto, sino lo que provoca en la gente que lo mira. A veces, lo veo como un intento de desvelar la complejidad del mundo.<\/p>\n<p>Mi trabajo \u00a0se caracteriza por una b\u00fasqueda constante. \u00a0No doy nada por sentado, sino que a trav\u00e9s de las formas quiero establecer un di\u00e1logo que provoque pensamiento o sensaciones. Es importante, para m\u00ed, mantener el misterio.<\/p>\n<\/div><div class=\"fusion-clearfix\"><\/div><\/div><\/div><div class=\"fusion-layout-column fusion_builder_column fusion-builder-column-1 fusion_builder_column_1_3 1_3 fusion-one-third fusion-column-last\" style=\"--awb-bg-size:cover;width:33.333333333333%;width:calc(33.333333333333% - ( ( 4% ) * 0.33333333333333 ) );\"><div class=\"fusion-column-wrapper fusion-flex-column-wrapper-legacy\"><div class=\"fusion-image-element in-legacy-container\" style=\"--awb-caption-title-font-family:var(--h2_typography-font-family);--awb-caption-title-font-weight:var(--h2_typography-font-weight);--awb-caption-title-font-style:var(--h2_typography-font-style);--awb-caption-title-size:var(--h2_typography-font-size);--awb-caption-title-transform:var(--h2_typography-text-transform);--awb-caption-title-line-height:var(--h2_typography-line-height);--awb-caption-title-letter-spacing:var(--h2_typography-letter-spacing);\"><span class=\" fusion-imageframe imageframe-none imageframe-1 hover-type-none\"><img decoding=\"async\" width=\"667\" height=\"1000\" title=\"AmadeoOlmos_bio\" src=\"https:\/\/www.amadeoolmos.com\/wp-content\/uploads\/2018\/11\/AmadeoOlmos_bio.jpg\" alt class=\"img-responsive wp-image-106\" srcset=\"https:\/\/www.amadeoolmos.com\/wp-content\/uploads\/2018\/11\/AmadeoOlmos_bio-200x300.jpg 200w, https:\/\/www.amadeoolmos.com\/wp-content\/uploads\/2018\/11\/AmadeoOlmos_bio-400x600.jpg 400w, https:\/\/www.amadeoolmos.com\/wp-content\/uploads\/2018\/11\/AmadeoOlmos_bio-600x900.jpg 600w, https:\/\/www.amadeoolmos.com\/wp-content\/uploads\/2018\/11\/AmadeoOlmos_bio.jpg 667w\" sizes=\"(max-width: 800px) 100vw, 400px\" \/><\/span><\/div><div class=\"fusion-clearfix\"><\/div><\/div><\/div><div class=\"fusion-layout-column fusion_builder_column fusion-builder-column-2 fusion_builder_column_1_1 1_1 fusion-one-full fusion-column-first fusion-column-last\" style=\"--awb-bg-size:cover;\"><div class=\"fusion-column-wrapper fusion-flex-column-wrapper-legacy\"><div class=\"fusion-title title fusion-title-2 fusion-sep-none fusion-title-text fusion-title-size-one\" style=\"--awb-text-color:#000000;--awb-margin-top-small:10px;--awb-margin-right-small:0px;--awb-margin-bottom-small:10px;--awb-margin-left-small:0px;\"><h1 class=\"fusion-title-heading title-heading-left\" style=\"margin:0;\">C.V.<\/h1><\/div><div class=\"fusion-text fusion-text-2\"><h2><strong>Amadeo Olmos<\/strong><\/h2>\n<p>Nace en Pinarejos (Segovia) 1962. En la\u00a0 actualidad vive y trabaja en Segovia. Tras abandonar sus iniciales estudios de ingenier\u00eda, estudia dise\u00f1o industrial en Madrid. Durante un tiempo simultanea la pintura con su trabajo como dise\u00f1ador industrial y gr\u00e1fico, faceta con la que interviene en varias exposiciones y obtiene diversos premios. Al comienzo de la d\u00e9cada de los noventa abandona esta actividad para dedicarse con exclusividad a la pintura, que complementa con clases en su estudio.<\/p>\n<\/div><div class=\"accordian fusion-accordian\" style=\"--awb-border-size:1px;--awb-icon-size:18px;--awb-content-font-size:16px;--awb-icon-alignment:left;--awb-hover-color:#f9f9f9;--awb-border-color:#cccccc;--awb-background-color:#ffffff;--awb-divider-color:#e0dede;--awb-divider-hover-color:#e0dede;--awb-icon-color:#ffffff;--awb-title-color:#333333;--awb-content-color:#747474;--awb-icon-box-color:#333333;--awb-toggle-hover-accent-color:#000000;--awb-title-font-family:&quot;Open Sans&quot;;--awb-title-font-weight:400;--awb-title-font-style:normal;--awb-title-font-size:18px;--awb-title-line-height:1.5;--awb-content-font-family:&quot;Open Sans&quot;;--awb-content-font-style:normal;--awb-content-font-weight:400;\"><div class=\"panel-group fusion-toggle-icon-boxed\" id=\"accordion-105-1\"><div class=\"fusion-panel panel-default panel-bcaa246216172fa84 fusion-toggle-no-divider fusion-toggle-boxed-mode\"><div class=\"panel-heading\"><h4 class=\"panel-title toggle\" id=\"toggle_bcaa246216172fa84\"><a aria-expanded=\"false\" aria-controls=\"bcaa246216172fa84\" role=\"button\" data-toggle=\"collapse\" data-parent=\"#accordion-105-1\" data-target=\"#bcaa246216172fa84\" href=\"#bcaa246216172fa84\"><span class=\"fusion-toggle-icon-wrapper\" aria-hidden=\"true\"><i class=\"fa-fusion-box active-icon awb-icon-minus\" aria-hidden=\"true\"><\/i><i class=\"fa-fusion-box inactive-icon awb-icon-plus\" aria-hidden=\"true\"><\/i><\/span><span class=\"fusion-toggle-heading\">Exposiciones Individuales<\/span><\/a><\/h4><\/div><div id=\"bcaa246216172fa84\" class=\"panel-collapse collapse \" aria-labelledby=\"toggle_bcaa246216172fa84\"><div class=\"panel-body toggle-content fusion-clearfix\">\n<p>2014 Intimate. Segovia jail creation center<\/p>\n<p>2011 Uncertainty principle. Galer\u00eda Nuble, Santander. Spain<\/p>\n<p>2010 Galer\u00eda Xanon, Bilbao<\/p>\n<p>2008 Galer\u00eda Nuble, Santander<\/p>\n<p>2006 Galer\u00eda Amparo G\u00e1mir. Madrid<\/p>\n<p>2004 Galer\u00eda Claustro, Segovia<\/p>\n<p>2000 Sala BBVA, Valladolid<br \/>\nTeatro Juan bravo, Segovia<\/p>\n<p>1996 Torre\u00f3n de Lozoya, Segovia<br \/>\nGaler\u00eda Zaca, San Ildefonso, Segovia<\/p>\n<p>1994 Ayuntamiento de Pedraza, Segovia<\/p>\n<p>1993 Centro cultural El Arc\u00e1ngel, San Rafael, Segovia<\/p>\n<p>1992 Sala Ditirambo. Cuellar, Segovia<br \/>\nCentro cultural de San Ildefonso, Segovia<br \/>\nCentro cultural de Santa Mar\u00eda de Nieva, Segovia<\/p>\n<p>1991 Sala Unturbe, Segovia<br \/>\nItinerante en salas de exposiciones de Ayuntamientos y Centros Culturales de Segovia<\/p>\n<p>1990 Sala Ditirambo, Cuellar, Segovia<\/p>\n<\/div><\/div><\/div><div class=\"fusion-panel panel-default panel-d3a3752c62c672606 fusion-toggle-no-divider fusion-toggle-boxed-mode\"><div class=\"panel-heading\"><h4 class=\"panel-title toggle\" id=\"toggle_d3a3752c62c672606\"><a aria-expanded=\"false\" aria-controls=\"d3a3752c62c672606\" role=\"button\" data-toggle=\"collapse\" data-parent=\"#accordion-105-1\" data-target=\"#d3a3752c62c672606\" href=\"#d3a3752c62c672606\"><span class=\"fusion-toggle-icon-wrapper\" aria-hidden=\"true\"><i class=\"fa-fusion-box active-icon awb-icon-minus\" aria-hidden=\"true\"><\/i><i class=\"fa-fusion-box inactive-icon awb-icon-plus\" aria-hidden=\"true\"><\/i><\/span><span class=\"fusion-toggle-heading\">Exposiciones Colectivas<\/span><\/a><\/h4><\/div><div id=\"d3a3752c62c672606\" class=\"panel-collapse collapse \" aria-labelledby=\"toggle_d3a3752c62c672606\"><div class=\"panel-body toggle-content fusion-clearfix\">\n<p>2015\u00a0 XX Premio de pintura Ciudad de Algemes\u00ed<\/p>\n<p>2012\u00a0 Estampa 2012, Matadero Madrid. Galer\u00eda Nuble<\/p>\n<p>Growing Together, Galer\u00eda Nuble<\/p>\n<p>2011\u00a0 Laberintos. Galer\u00eda Artesonado. La Granja, Segovia<\/p>\n<p>2010\u00a0 Espacio Atlantico, Vigo. Galer\u00eda Nuble<\/p>\n<p>Monta\u00f1a. Galer\u00eda Artesonado. La Granja, Segovia<\/p>\n<p>2009\u00a0 Valencia Art, Galer\u00eda Nuble<\/p>\n<p>Artesantander 09. Galer\u00eda Nuble<\/p>\n<p>Hot Art Fair. Galer\u00eda Nuble. Basilea, Suiza<\/p>\n<p>Encapsulados. Berlin, Alemania<\/p>\n<p>Panorama del Porvenir. Galer\u00eda Artesonado. La Granja, Segovia<\/p>\n<p>2008\u00a0 I Simposio de artes visuales, Siria<\/p>\n<p>2007\u00a0 Certamen \u201cVirgen de las Vi\u00f1as\u201d. Tomelloso, Ciudad Real<\/p>\n<p>Artistas segovianos con Unicef. Casa de los Picos, Segovia<\/p>\n<p>Jard\u00edn. Galer\u00eda Amparo G\u00e1mir. Madrid<\/p>\n<p>Exposici\u00f3n ben\u00e9fica para AMREF. Galer\u00eda N\u00e9lida. Segovia<\/p>\n<p>2006\u00a0 Titirimundi. Casa de los Picos, Segovia<\/p>\n<p>ARCALE. Galer\u00eda Claustro, Valladolid<\/p>\n<p>Amigos del pueblo saharaui. Casa de los Picos, Segovia<\/p>\n<p>2005\u00a0 Un d\u00eda en la vida de John Lennon. Torre\u00f3n de Lozoya, Segovia<\/p>\n<p>El temblor en la mirada. Casa de los Picos, Segovia<\/p>\n<p>2004\u00a0 Artistas segovianos con Unicef. Casa de los Picos, Segovia<\/p>\n<p>Amigos del pueblo saharaui. Casa de los Picos, Segovia<\/p>\n<p>2003\u00a0 Claustro abierto. Galer\u00eda Claustro, Segovia<\/p>\n<p>Amigos del pueblo saharaui. Teatro Juan Bravo, Segovia<\/p>\n<p>2002\u00a0 Autorretratos. Galer\u00eda Utop\u00eda Parkway, Madrid<\/p>\n<p>2001\u00a0 Pintores segovianos con Unicef. Casa de los Picos, Segovia<\/p>\n<p>Amigos del pueblo saharaui. Teatro Juan Bravo, Segovia<\/p>\n<p>2000\u00a0 XXV Aniversario de la Hermandad de Donantes de Sangre. Sala\u00a0 \u00a0 \u00a0 Unturbe, Segovia<\/p>\n<p>1998\u00a0 Pintores segovianos con Unicef. Sala de la Alh\u00f3ndiga, Segovia<\/p>\n<p>1997\u00a0 Segovia 1900, La actualidad. Torre\u00f3n de Lozoya, Segovia<\/p>\n<\/div><\/div><\/div><div class=\"fusion-panel panel-default panel-bada7619d68998e6c fusion-toggle-no-divider fusion-toggle-boxed-mode\"><div class=\"panel-heading\"><h4 class=\"panel-title toggle\" id=\"toggle_bada7619d68998e6c\"><a aria-expanded=\"false\" aria-controls=\"bada7619d68998e6c\" role=\"button\" data-toggle=\"collapse\" data-parent=\"#accordion-105-1\" data-target=\"#bada7619d68998e6c\" href=\"#bada7619d68998e6c\"><span class=\"fusion-toggle-icon-wrapper\" aria-hidden=\"true\"><i class=\"fa-fusion-box active-icon awb-icon-minus\" aria-hidden=\"true\"><\/i><i class=\"fa-fusion-box inactive-icon awb-icon-plus\" aria-hidden=\"true\"><\/i><\/span><span class=\"fusion-toggle-heading\">Colaboraciones<\/span><\/a><\/h4><\/div><div id=\"bada7619d68998e6c\" class=\"panel-collapse collapse \" aria-labelledby=\"toggle_bada7619d68998e6c\"><div class=\"panel-body toggle-content fusion-clearfix\">\n<p>2018\u00a0 Fotograf\u00eda para cubierta de\u00a0<em>Autorretrato Postal,\u00a0<\/em>de Maribel Gilsanz. Ed. Isla del Naufrago<\/p>\n<p>2017\u00a0 Dibujo para cubierta de <em>Bah\u00eda de sal<\/em>, de Gabriela Guerra. Ed. Huso<\/p>\n<p>2011\u00a0 Reproducci\u00f3n de obras para ilustrar el n\u00ba 15 de la revista Campo de Agramante<\/p>\n<p>2006\u00a0 Reproducci\u00f3n de obras en la revista de internet Adelantado de Indiana n\u00ba 3<\/p>\n<p>Grabaci\u00f3n de obras para la pel\u00edcula de Felipe Vega\u201d Mujeres en el parque\u201d<\/p>\n<p>2005\u00a0 Dibujos para ilustrar el n\u00ba 28 de la revista Atl\u00e1ntica de poes\u00eda. Ed. Diputaci\u00f3n de C\u00e1diz<\/p>\n<p>Dibujos para ilustrar la obra de teatro <em>Autorretrato doble<\/em>. Ed. La u\u00f1a rota<\/p>\n<p>Dise\u00f1o de cabeceras para la revista Adelantado de Indiana<\/p>\n<p>2004 \u00a0Cubierta del libro de Ram\u00f3n Mayrata <em>Poemas del caf\u00e9 Estigia<\/em>. Ed. Calambur<\/p>\n<p>2002 \u00a0Cartel para celebrar el XV aniversario del CENEAM<\/p>\n<p>2001 \u00a0Dise\u00f1o de logotipo y cartel para el festival de narradores orales de El Espinar<\/p>\n<p>2000 \u00a0Dise\u00f1o de Logotipo y cartel para el festival de narradores orales de Segovia<\/p>\n<p>Cartel para la conferencia europea Sensibilizaci\u00f3n al paisaje. CENEAM, Ministerio de<\/p>\n<p>Medio Ambiente y Consejo de Europa<\/p>\n<\/div><\/div><\/div><div class=\"fusion-panel panel-default panel-95fa599bc8c0d96c9 fusion-toggle-no-divider fusion-toggle-boxed-mode\"><div class=\"panel-heading\"><h4 class=\"panel-title toggle\" id=\"toggle_95fa599bc8c0d96c9\"><a aria-expanded=\"false\" aria-controls=\"95fa599bc8c0d96c9\" role=\"button\" data-toggle=\"collapse\" data-parent=\"#accordion-105-1\" data-target=\"#95fa599bc8c0d96c9\" href=\"#95fa599bc8c0d96c9\"><span class=\"fusion-toggle-icon-wrapper\" aria-hidden=\"true\"><i class=\"fa-fusion-box active-icon awb-icon-minus\" aria-hidden=\"true\"><\/i><i class=\"fa-fusion-box inactive-icon awb-icon-plus\" aria-hidden=\"true\"><\/i><\/span><span class=\"fusion-toggle-heading\">Prensa<\/span><\/a><\/h4><\/div><div id=\"95fa599bc8c0d96c9\" class=\"panel-collapse collapse \" aria-labelledby=\"toggle_95fa599bc8c0d96c9\"><div class=\"panel-body toggle-content fusion-clearfix\">\n<p>Natalia Blair:\u00a0\u201cReflejando lo natural\u201d. \u201cEl espejo de las Artes y las ciencias\u201d, febrero \/marzo 1996<\/p>\n<p>Antonio Madrigal:\u00a0\u00a0\u201cAmadeo Olmos Mart\u00edn: La agon\u00eda feliz del Wolkswagen\u201d. El Adelantado de Segovia, 26 de enero de 1.996.<\/p>\n<p>Miguel \u00c1ngel\u00a0 Garc\u00eda S\u00e1nchez:\u00a0\u00a0\u201cAmadeo Olmos. Sugestiones cotidianas\u201d. Antena semanal, 28 de abril de 1996<\/p>\n<p>M\u00aa Dolores Arroyo Fern\u00e1ndez:\u00a0\u201cAmadeo Olmos: objetos para el recuerdo\u201d. El Punto de las Artes, 6 al 12 de octubre de 2000.<\/p>\n<p>Jes\u00fas Mazariegos:\u00a0\u201cExactas espumas\u201d. El Norte de Castilla, 29 de octubre de 2000.<\/p>\n<p>Ang\u00e9lica Tanarro: \u201cRetrato de familia\u201d. El Norte de Castilla\u201d, 25 de septiembre de 2000.<\/p>\n<p>Jos\u00e9 Antonio G Municio:\u00a0El Norte de Castilla, 27 de octubre de 2.000.<\/p>\n<p>Soterra\u00f1a Sanz Toribio:\u00a0\u00a0El Norte de Castilla, 18 de octubre de 2.000.<\/p>\n<p>Ana San Romualdo:\u00a0\u201cEl mar, excusa de la emoci\u00f3n\u201d. El Adelantado de Segovia, 30 de octubre de 2000.<\/p>\n<p>Ana San Romualdo:\u00a0\u201cUn momento de silencio\u201d. El Adelantado de Segovia, 13 de abril de 2004.<\/p>\n<p>Jose Antonio G Municio:\u00a0\u00a0El Norte de Castilla, 24 de abril de 2.004.<\/p>\n<p>Carlos Delgado:\u00a0\u201cPinturas de Amadeo Olmos\u201d. El Punto de las Artes, 23 al 29 de abril de 2004.<\/p>\n<p>Antonio Madrigal:\u00a0\u201cPinturas de Amadeo Olmos, sin t\u00edtulo pero con alma\u201d. El Adelantado de Segovia, 30 de abril de 2004.<\/p>\n<p>Jes\u00fas Mazariegos:\u00a0\u201cSin T\u00edtulo\u201d. El Norte de Castilla, 6 de mayo de 2004.<\/p>\n<p>Jos\u00e9 Antonio G Municio:\u00a0\u201d La edad de oro del arte joven en Segovia\u201d. Deuca Tuco, junio 2004.<\/p>\n<p>Jes\u00fas Mazariegos:\u00a0\u201cEl taller: Amadeo Olmos\u201d. Revista Escena, febrero 2006.<\/p>\n<p>Carlota de Alfonso:\u00a0\u201cAmadeo Olmos, entre la percepci\u00f3n y el conocimiento\u201d. El Punto de las Artes, 17 al 23 de marzo de 2006<\/p>\n<p>Ana San Romualdo: \u201cIm\u00e1genes extraviadas\u201d El Adelantado de Segovia, 19 de abril de 2006<\/p>\n<p>Oscar Alonso Molina:\u00a0\u201cAmadeo Olmos\u201d. Arte y Parte n\u00ba 62, abril \u2013 mayo 2006<\/p>\n<p>Jes\u00fas Mazariegos:\u00a0\u201cIm\u00e1genes ensimismadas\u201d. El Norte de Castilla. 2 de mayo de 2006<\/p>\n<p>Sergio Garc\u00eda Prieto: El pintor Amadeo Olmos expone sus \u201d D\u00edas de color variable\u201d en la galer\u00eda Nuble de Santander. Diario Monta\u00f1\u00e9s 15 de septiembre de 2008<\/p>\n<p>Ana San Romualdo: \u201cAmadeo Olmos participa en la feria Hot Art de Basilea\u201d El Adelantado de Segovia, 14 de junio de 2009.<\/p>\n<p>Ana San Romualdo: \u201cAmadeo Olmos y Alberto Reguera en la feria Espacio Atl\u00e1ntico en Vigo\u201d El Adelantado de Segovia, 17 de enero de 2010.<\/p>\n<p>Javier Fern\u00e1ndez Rubio: \u201cAmadeo Olmos, pintor\u201d El Mundo Cantabria, 30 de diciembre de 2011<\/p>\n<p>M.C: \u201cAmadeo Olmos\u201d Arte y Parte n\u00ba 96. Diciembre 2011 Enero 2012<\/p>\n<p>Javier Mart\u00edn: Entrevista 10+1 Amadeo Olmos. Julio de 2014. http:\/\/www.javierbmartin.com\/index.php\/entrevistas-10una\/1696-entrevista-10una-a-amadeo-olmos<\/p>\n<p>Rodrigo Gonz\u00e1lez Mart\u00edn: \u201cCruce\u201d El adelantado de Segovia. 8 de enero 2015<\/p>\n<p>Ang\u00e9lica Tanarro: \u201cDestino, varios modos de arte y una sola mirada\u201d El Norte de Castilla, 4 de enero 2018<\/p>\n<p>Aurelio Mart\u00edn: \u201cArte para la libertad\u201d El d\u00eda de Segovia, 6 y 7 de enero 2018<\/p>\n<\/div><\/div><\/div><\/div><\/div><div class=\"fusion-clearfix\"><\/div><\/div><\/div><\/div><\/div>\n","protected":false},"excerpt":{"rendered":"","protected":false},"author":1,"featured_media":0,"parent":0,"menu_order":0,"comment_status":"closed","ping_status":"closed","template":"","meta":{"footnotes":""},"class_list":["post-105","page","type-page","status-publish","hentry"],"_links":{"self":[{"href":"https:\/\/www.amadeoolmos.com\/en\/wp-json\/wp\/v2\/pages\/105","targetHints":{"allow":["GET"]}}],"collection":[{"href":"https:\/\/www.amadeoolmos.com\/en\/wp-json\/wp\/v2\/pages"}],"about":[{"href":"https:\/\/www.amadeoolmos.com\/en\/wp-json\/wp\/v2\/types\/page"}],"author":[{"embeddable":true,"href":"https:\/\/www.amadeoolmos.com\/en\/wp-json\/wp\/v2\/users\/1"}],"replies":[{"embeddable":true,"href":"https:\/\/www.amadeoolmos.com\/en\/wp-json\/wp\/v2\/comments?post=105"}],"version-history":[{"count":10,"href":"https:\/\/www.amadeoolmos.com\/en\/wp-json\/wp\/v2\/pages\/105\/revisions"}],"predecessor-version":[{"id":574,"href":"https:\/\/www.amadeoolmos.com\/en\/wp-json\/wp\/v2\/pages\/105\/revisions\/574"}],"wp:attachment":[{"href":"https:\/\/www.amadeoolmos.com\/en\/wp-json\/wp\/v2\/media?parent=105"}],"curies":[{"name":"wp","href":"https:\/\/api.w.org\/{rel}","templated":true}]}}